{"id":25,"date":"2025-08-01T16:20:05","date_gmt":"2025-08-01T21:20:05","guid":{"rendered":"https:\/\/actionforclimate.earth\/?page_id=25"},"modified":"2026-04-23T08:25:08","modified_gmt":"2026-04-23T13:25:08","slug":"iniciativas-de-para-la-accion-climatica","status":"publish","type":"page","link":"https:\/\/actionforclimate.earth\/","title":{"rendered":"Inicio"},"content":{"rendered":"\n<div class=\"wp-block-group has-ast-global-color-5-background-color has-background is-layout-constrained wp-block-group-is-layout-constrained\" style=\"padding-top:var(--wp--preset--spacing--50);padding-bottom:var(--wp--preset--spacing--50)\">\n<figure class=\"wp-block-image aligncenter size-full is-resized\"><img loading=\"lazy\" decoding=\"async\" width=\"1524\" height=\"759\" src=\"https:\/\/actionforclimate.earth\/wp-content\/uploads\/2026\/04\/Portada_abril.png\" alt=\"\" class=\"wp-image-1307\" style=\"width:840px;height:auto\" srcset=\"https:\/\/actionforclimate.earth\/wp-content\/uploads\/2026\/04\/Portada_abril.png 1524w, https:\/\/actionforclimate.earth\/wp-content\/uploads\/2026\/04\/Portada_abril-768x382.png 768w, https:\/\/actionforclimate.earth\/wp-content\/uploads\/2026\/04\/Portada_abril-1320x657.png 1320w, https:\/\/actionforclimate.earth\/wp-content\/uploads\/2026\/04\/Portada_abril-600x298.png 600w\" sizes=\"auto, (max-width: 1524px) 100vw, 1524px\" \/><figcaption class=\"wp-element-caption\">Imagen NASA 2015<\/figcaption><\/figure>\n\n\n\n<div class=\"wp-block-columns are-vertically-aligned-top is-not-stacked-on-mobile is-layout-flex wp-container-core-columns-is-layout-28f84493 wp-block-columns-is-layout-flex\">\n<div class=\"wp-block-column is-vertically-aligned-top is-layout-constrained wp-container-core-column-is-layout-df9632c3 wp-block-column-is-layout-constrained\" style=\"flex-basis:100%\">\n<h2 class=\"wp-block-heading has-text-align-center has-text-color has-link-color wp-elements-070bf63459ceb45583c26b8d59dddadc\" style=\"color:#cb5f0c\">\u2217<br>Somos uno con la naturaleza<\/h2>\n\n\n\n<p class=\"has-text-align-center\" style=\"margin-right:0%;margin-left:0%\">La naturaleza es la base sobre la que nos desenvolvemos y evolucionamos como sociedad; de ella dependemos para sobrevivir -agua, atm\u00f3sfera, energ\u00eda, alimento- provienen de la naturaleza. Tenemos la responsabilidad de aprovechar los recursos naturales sin comprometer el futuro de las generaciones venideras.<\/p>\n<\/div>\n<\/div>\n\n\n\n<div class=\"wp-block-columns is-layout-flex wp-container-core-columns-is-layout-28f84493 wp-block-columns-is-layout-flex\">\n<div class=\"wp-block-column is-layout-flow wp-block-column-is-layout-flow\">\n<h3 class=\"wp-block-heading has-text-align-center\" style=\"margin-top:30px;margin-bottom:30px\">\u2217<br>Revertir la p\u00e9rdida de biodiversidad<\/h3>\n\n\n\n<figure class=\"wp-block-image aligncenter size-medium\"><img loading=\"lazy\" decoding=\"async\" width=\"300\" height=\"225\" src=\"https:\/\/actionforclimate.earth\/wp-content\/uploads\/2025\/08\/Biodiv-300x225.jpg\" alt=\"Ecosistemas vulnerables\" class=\"wp-image-133\" srcset=\"https:\/\/actionforclimate.earth\/wp-content\/uploads\/2025\/08\/Biodiv-300x225.jpg 300w, https:\/\/actionforclimate.earth\/wp-content\/uploads\/2025\/08\/Biodiv.jpg 561w\" sizes=\"auto, (max-width: 300px) 100vw, 300px\" \/><\/figure>\n\n\n\n<div class=\"wp-block-columns is-layout-flex wp-container-core-columns-is-layout-28f84493 wp-block-columns-is-layout-flex\">\n<div class=\"wp-block-column is-layout-flow wp-block-column-is-layout-flow\">\n<p>La deforestaci\u00f3n es una de las mayores causas de p\u00e9rdida irreversible de especies biol\u00f3gicas, lo que debilita la relaci\u00f3n sociedad-naturaleza en la medida que reduce la capacidad de los ecosistemas para adaptarse a los cambios naturales y agenciados por las actividades humanas. <strong>\u00a1Plantemos bosques!<\/strong><\/p>\n<\/div>\n<\/div>\n<\/div>\n\n\n\n<div class=\"wp-block-column is-layout-flow wp-block-column-is-layout-flow\">\n<h3 class=\"wp-block-heading has-text-align-center\" style=\"margin-top:45px;margin-bottom:45px\">\u2217<br>Acci\u00f3n clim\u00e1tica<\/h3>\n\n\n\n<figure class=\"wp-block-image aligncenter size-medium\"><img loading=\"lazy\" decoding=\"async\" width=\"300\" height=\"225\" src=\"https:\/\/actionforclimate.earth\/wp-content\/uploads\/2025\/08\/Clima-300x225.jpg\" alt=\"\" class=\"wp-image-134\" srcset=\"https:\/\/actionforclimate.earth\/wp-content\/uploads\/2025\/08\/Clima-300x225.jpg 300w, https:\/\/actionforclimate.earth\/wp-content\/uploads\/2025\/08\/Clima-600x450.jpg 600w, https:\/\/actionforclimate.earth\/wp-content\/uploads\/2025\/08\/Clima-1024x768.jpg 1024w, https:\/\/actionforclimate.earth\/wp-content\/uploads\/2025\/08\/Clima-768x576.jpg 768w, https:\/\/actionforclimate.earth\/wp-content\/uploads\/2025\/08\/Clima-1536x1152.jpg 1536w, https:\/\/actionforclimate.earth\/wp-content\/uploads\/2025\/08\/Clima.jpg 1818w\" sizes=\"auto, (max-width: 300px) 100vw, 300px\" \/><\/figure>\n\n\n\n<div class=\"wp-block-columns are-vertically-aligned-bottom is-layout-flex wp-container-core-columns-is-layout-28f84493 wp-block-columns-is-layout-flex\">\n<div class=\"wp-block-column is-vertically-aligned-bottom is-layout-flow wp-block-column-is-layout-flow\">\n<p>El aumento de la temperatura de la atm\u00f3sfera por efecto del aumento de emisiones de gases como el CO<sub>2<\/sub> producto del consumo de combustibles f\u00f3siles nos ha hecho vulnerables al aumento de la frecuencia de extremos clim\u00e1ticos -sequ\u00edas o inviernos inclementes. \u00a1<strong>Tenemos que actuar!<\/strong><\/p>\n<\/div>\n<\/div>\n<\/div>\n\n\n\n<div class=\"wp-block-column is-layout-flow wp-block-column-is-layout-flow\">\n<h3 class=\"wp-block-heading has-text-align-center\" style=\"margin-top:30px;margin-right:0px;margin-bottom:30px;margin-left:0px\">\u2217<br>Transici\u00f3n de la producci\u00f3n y el consumo<\/h3>\n\n\n\n<figure class=\"wp-block-image aligncenter size-medium\"><img loading=\"lazy\" decoding=\"async\" width=\"300\" height=\"225\" src=\"https:\/\/actionforclimate.earth\/wp-content\/uploads\/2025\/08\/Prod-300x225.jpg\" alt=\"\" class=\"wp-image-135\" srcset=\"https:\/\/actionforclimate.earth\/wp-content\/uploads\/2025\/08\/Prod-300x225.jpg 300w, https:\/\/actionforclimate.earth\/wp-content\/uploads\/2025\/08\/Prod.jpg 495w\" sizes=\"auto, (max-width: 300px) 100vw, 300px\" \/><\/figure>\n\n\n\n<div class=\"wp-block-columns is-layout-flex wp-container-core-columns-is-layout-28f84493 wp-block-columns-is-layout-flex\">\n<div class=\"wp-block-column is-layout-flow wp-block-column-is-layout-flow\">\n<p>No podemos continuar atiborrando el planeta de basura. Podemos cambiar nuestros h\u00e1bitos de consumo minimizando el desperdicio y promoviendo el reciclaje. Los sistemas productivos, sean agropecuarios, industriales o de servicios deben transformarse progresivamente hacia modelos eficientes y limpios. <strong>\u00a1Es posible!<\/strong><\/p>\n<\/div>\n<\/div>\n<\/div>\n<\/div>\n\n\n\n<div class=\"wp-block-columns is-layout-flex wp-container-core-columns-is-layout-28f84493 wp-block-columns-is-layout-flex\">\n<div class=\"wp-block-column is-layout-constrained wp-container-core-column-is-layout-8a400663 wp-block-column-is-layout-constrained\">\n<h2 class=\"wp-block-heading has-text-align-center\">\u2217<br>Actuemos juntos<\/h2>\n\n\n\n<p class=\"has-text-align-center\">Nuestra experiencia de mas de 20 a\u00f1os al servicio de la restauraci\u00f3n y conservaci\u00f3n de la naturaleza la hemos capitalizado para facilitar las acciones de ciudadanos, comunidades y empresas en pro de la naturaleza y que estas acciones se sumen y evidencien. Estas actuaciones se traducen en las transformaciones requeridas para enfrentar los desaf\u00edos del cambio ambiental: crisis clim\u00e1tica, deforestaci\u00f3n, p\u00e9rdida de biodiversidad. Para ello, hemos puesto al servicio de la sociedad nuestra experticia y hemos implementado medios para localizar y visibilizar las acciones realizadas en restauraci\u00f3n de ecosistemas de bosque en Colombia.<\/p>\n<\/div>\n<\/div>\n\n\n\n<div class=\"wp-block-columns is-layout-flex wp-container-core-columns-is-layout-28f84493 wp-block-columns-is-layout-flex\">\n<div class=\"wp-block-column is-layout-flow wp-block-column-is-layout-flow\">\n<h3 class=\"wp-block-heading has-text-align-center\">\u2217<br>Plataforma qEarth<\/h3>\n\n\n\n<div class=\"wp-block-columns is-layout-flex wp-container-core-columns-is-layout-28f84493 wp-block-columns-is-layout-flex\">\n<div class=\"wp-block-column is-layout-flow wp-block-column-is-layout-flow\">\n<h5 class=\"wp-block-heading\">Ver tus siembras<\/h5>\n\n\n\n<ul class=\"wp-block-list\">\n<li>Mapa interactivo despliega ubicaci\u00f3n, extensi\u00f3n y alcance de las acciones realizadas. <a href=\"https:\/\/actionforclimate.earth\/index.php\/ver-tus-siembras\/\" data-type=\"page\" data-id=\"1142\">Saber mas<\/a>.<\/li>\n<\/ul>\n\n\n\n<h5 class=\"wp-block-heading\">Ver tus \u00e1rboles<\/h5>\n\n\n\n<ul class=\"wp-block-list\">\n<li>Formulario para consultar la base de datos de \u00e1rboles plantados. <a href=\"https:\/\/actionforclimate.earth\/index.php\/nuestros-arboles\/\" data-type=\"page\" data-id=\"323\">Saber mas<\/a>.<\/li>\n<\/ul>\n\n\n\n<div class=\"wp-block-columns is-layout-flex wp-container-core-columns-is-layout-28f84493 wp-block-columns-is-layout-flex\">\n<div class=\"wp-block-column is-layout-flow wp-block-column-is-layout-flow\">\n<figure class=\"wp-block-image size-full\"><img loading=\"lazy\" decoding=\"async\" width=\"425\" height=\"283\" src=\"https:\/\/actionforclimate.earth\/wp-content\/uploads\/2025\/08\/sembrando.jpg\" alt=\"\" class=\"wp-image-84\" srcset=\"https:\/\/actionforclimate.earth\/wp-content\/uploads\/2025\/08\/sembrando.jpg 425w, https:\/\/actionforclimate.earth\/wp-content\/uploads\/2025\/08\/sembrando-300x200.jpg 300w\" sizes=\"auto, (max-width: 425px) 100vw, 425px\" \/><\/figure>\n<\/div>\n<\/div>\n<\/div>\n\n\n\n<div class=\"wp-block-column is-layout-flow wp-block-column-is-layout-flow\">\n<figure class=\"wp-block-image size-full\"><img loading=\"lazy\" decoding=\"async\" width=\"974\" height=\"463\" src=\"https:\/\/actionforclimate.earth\/wp-content\/uploads\/2026\/03\/Siembras.png\" alt=\"\" class=\"wp-image-1200\" srcset=\"https:\/\/actionforclimate.earth\/wp-content\/uploads\/2026\/03\/Siembras.png 974w, https:\/\/actionforclimate.earth\/wp-content\/uploads\/2026\/03\/Siembras-300x143.png 300w, https:\/\/actionforclimate.earth\/wp-content\/uploads\/2026\/03\/Siembras-768x365.png 768w, https:\/\/actionforclimate.earth\/wp-content\/uploads\/2026\/03\/Siembras-600x285.png 600w\" sizes=\"auto, (max-width: 974px) 100vw, 974px\" \/><\/figure>\n\n\n\n<div class=\"wp-block-columns is-layout-flex wp-container-core-columns-is-layout-28f84493 wp-block-columns-is-layout-flex\">\n<div class=\"wp-block-column is-layout-flow wp-block-column-is-layout-flow\">\n<h3 class=\"wp-block-heading has-text-align-center\">\u2217<br>Blog<\/h3>\n\n\n\n<ul class=\"wp-block-list\">\n<li>Todos los d\u00edas tenemos motivos para sembrar \u00e1rboles. <a href=\"https:\/\/actionforclimate.earth\/index.php\/2026\/02\/19\/todos-los-dias-tenemos-motivos-para-sembrar-arboles\/\" data-type=\"post\" data-id=\"938\">Leer<\/a>.<\/li>\n\n\n\n<li>Sobre nuestras siembras. <a href=\"https:\/\/actionforclimate.earth\/index.php\/2026\/02\/04\/sobre-la-siembra-san-valentin-2026\/\" data-type=\"post\" data-id=\"761\">Leer<\/a><\/li>\n\n\n\n<li>ABC ley colombiana de siembra de \u00e1rboles <a href=\"https:\/\/actionforclimate.earth\/index.php\/2026\/01\/11\/ley2173\/\">Leer<\/a><\/li>\n\n\n\n<li>Ley 2173 \u00bfEst\u00e1 mi empresa obligada por la ley de siembras? <a href=\"https:\/\/actionforclimate.earth\/index.php\/2026\/03\/02\/ley-2173-esta-mi-empresa-obligada-por-la-ley-de-siembras\/\" data-type=\"link\" data-id=\"https:\/\/actionforclimate.earth\/index.php\/2026\/03\/02\/ley-2173-esta-mi-empresa-obligada-por-la-ley-de-siembras\/\">Leer<\/a><\/li>\n<\/ul>\n<\/div>\n<\/div>\n<\/div>\n<\/div>\n<\/div>\n<\/div>\n\n\n\n<div class=\"wp-block-columns is-layout-flex wp-container-core-columns-is-layout-28f84493 wp-block-columns-is-layout-flex\">\n<div class=\"wp-block-column is-layout-flow wp-block-column-is-layout-flow\" style=\"padding-top:0;padding-bottom:0\">\n<div class=\"wp-block-group has-ast-global-color-6-background-color has-background is-layout-constrained wp-container-core-group-is-layout-a4e526f7 wp-block-group-is-layout-constrained\" style=\"min-height:0px;padding-top:0;padding-bottom:0\">\n<figure class=\"wp-block-pullquote has-ast-global-color-4-color has-ast-global-color-8-background-color has-text-color has-background has-link-color has-medium-font-size wp-elements-bfc1448e82837e526adff321536cd7de\" style=\"border-radius:0px;margin-top:0px;margin-right:0px;margin-bottom:0;margin-left:0px;padding-top:0px;padding-right:0px;padding-bottom:0;padding-left:0px\"><blockquote><p>A escala mundial Colombia aporta entre el 0,4 % y el 0,6 % de las emisiones totales de gases de efecto invernadero (GEI). A pesar de ser un emisor minoritario la vulnerabilidad clim\u00e1tica es extrema (Banco Mundial 2023). El costo anual de la as p\u00e9rdidas econ\u00f3micas por eventos clim\u00e1ticos en el Colombia se sit\u00faan en torno a los 4,03 billones de pesos colombianos, aproximadamente $1,1 billones de d\u00f3lares. (WRI, 2026)<br><\/p><\/blockquote><\/figure>\n\n\n\n<p class=\"has-text-align-right has-ast-global-color-4-color has-ast-global-color-6-background-color has-text-color has-background has-link-color wp-elements-37c0d33c4637a18fbd8d540a91188e50\">Banco Mundial 2023. <em>Colombia puede alcanzar sus ambiciosas metas clim\u00e1ticas y aumentar su crecimiento econ\u00f3mico<\/em>. <a href=\"https:\/\/shorturl.at\/xbp6a\" target=\"_blank\" rel=\"noreferrer noopener\">Mas&#8230;<\/a><br>WRI 2026. <em>Inside Colombia\u2019s New 2035 Climate Plan<\/em>. <a href=\"https:\/\/shorturl.at\/rNJjN\" target=\"_blank\" rel=\"noreferrer noopener\">M\u00e1s&#8230;<\/a><\/p>\n\n\n\n<p><\/p>\n<\/div>\n<\/div>\n<\/div>\n<\/div>\n\n\n\n<div class=\"wp-block-columns has-background is-layout-flex wp-container-core-columns-is-layout-28f84493 wp-block-columns-is-layout-flex\" style=\"background-color:#f0f5fa\">\n<div class=\"wp-block-column is-layout-flow wp-block-column-is-layout-flow\">\n<p class=\"has-text-align-center\"><strong>Comparte<\/strong><\/p>\n\n\n<\/div>\n\n\n\n<div class=\"wp-block-column is-layout-flow wp-block-column-is-layout-flow\">\n<div class=\"wp-block-buttons is-content-justification-center is-layout-flex wp-container-core-buttons-is-layout-a89b3969 wp-block-buttons-is-layout-flex\">\n<div class=\"wp-block-button\"><a class=\"wp-block-button__link has-text-align-center wp-element-button\" href=\"https:\/\/actionforclimate.earth\/index.php\/tienda\/\">Motivos para sembrar<\/a><\/div>\n<\/div>\n<\/div>\n\n\n\n<div class=\"wp-block-column is-layout-flow wp-block-column-is-layout-flow\">\n<p class=\"has-text-align-center\"><strong>Habla con nosotros<\/strong><\/p>\n\n\n\n<div class=\"wp-block-jetpack-send-a-message\">\n<div class=\"wp-block-jetpack-whatsapp-button aligncenter is-color-light\"><a class=\"whatsapp-block__button\" href=\"https:\/\/api.whatsapp.com\/send?phone=573168764818&amp;text=%C2%BFQuieres%20saber%20m%C3%A1s%20sobre%20nuestras%20siembras%3F\" style=\"background-color:#FFFFFF;color:#465B64\" target=\"_self\" rel=\"noopener noreferrer\">Chat en WhatsApp<\/a><\/div>\n<\/div>\n<\/div>\n<\/div>\n","protected":false},"excerpt":{"rendered":"<p>\u2217Somos uno con la naturaleza La naturaleza es la base sobre la que nos desenvolvemos y evolucionamos como sociedad; de [&hellip;]<\/p>\n","protected":false},"author":1,"featured_media":0,"parent":0,"menu_order":0,"comment_status":"closed","ping_status":"closed","template":"","meta":{"site-sidebar-layout":"default","site-content-layout":"","ast-site-content-layout":"default","site-content-style":"default","site-sidebar-style":"default","ast-global-header-display":"","ast-banner-title-visibility":"","ast-main-header-display":"","ast-hfb-above-header-display":"","ast-hfb-below-header-display":"","ast-hfb-mobile-header-display":"","site-post-title":"disabled","ast-breadcrumbs-content":"","ast-featured-img":"","footer-sml-layout":"","ast-disable-related-posts":"","theme-transparent-header-meta":"","adv-header-id-meta":"","stick-header-meta":"","header-above-stick-meta":"","header-main-stick-meta":"","header-below-stick-meta":"","astra-migrate-meta-layouts":"default","ast-page-background-enabled":"default","ast-page-background-meta":{"desktop":{"background-color":"var(--ast-global-color-5)","background-image":"","background-repeat":"repeat","background-position":"center center","background-size":"auto","background-attachment":"scroll","background-type":"","background-media":"","overlay-type":"","overlay-color":"","overlay-opacity":"","overlay-gradient":""},"tablet":{"background-color":"","background-image":"","background-repeat":"repeat","background-position":"center center","background-size":"auto","background-attachment":"scroll","background-type":"","background-media":"","overlay-type":"","overlay-color":"","overlay-opacity":"","overlay-gradient":""},"mobile":{"background-color":"","background-image":"","background-repeat":"repeat","background-position":"center center","background-size":"auto","background-attachment":"scroll","background-type":"","background-media":"","overlay-type":"","overlay-color":"","overlay-opacity":"","overlay-gradient":""}},"ast-content-background-meta":{"desktop":{"background-color":"var(--ast-global-color-4)","background-image":"","background-repeat":"repeat","background-position":"center center","background-size":"auto","background-attachment":"scroll","background-type":"","background-media":"","overlay-type":"","overlay-color":"","overlay-opacity":"","overlay-gradient":""},"tablet":{"background-color":"var(--ast-global-color-4)","background-image":"","background-repeat":"repeat","background-position":"center center","background-size":"auto","background-attachment":"scroll","background-type":"","background-media":"","overlay-type":"","overlay-color":"","overlay-opacity":"","overlay-gradient":""},"mobile":{"background-color":"var(--ast-global-color-4)","background-image":"","background-repeat":"repeat","background-position":"center center","background-size":"auto","background-attachment":"scroll","background-type":"","background-media":"","overlay-type":"","overlay-color":"","overlay-opacity":"","overlay-gradient":""}},"footnotes":""},"class_list":["post-25","page","type-page","status-publish","hentry"],"jetpack_sharing_enabled":true,"_links":{"self":[{"href":"https:\/\/actionforclimate.earth\/index.php\/wp-json\/wp\/v2\/pages\/25","targetHints":{"allow":["GET"]}}],"collection":[{"href":"https:\/\/actionforclimate.earth\/index.php\/wp-json\/wp\/v2\/pages"}],"about":[{"href":"https:\/\/actionforclimate.earth\/index.php\/wp-json\/wp\/v2\/types\/page"}],"author":[{"embeddable":true,"href":"https:\/\/actionforclimate.earth\/index.php\/wp-json\/wp\/v2\/users\/1"}],"replies":[{"embeddable":true,"href":"https:\/\/actionforclimate.earth\/index.php\/wp-json\/wp\/v2\/comments?post=25"}],"version-history":[{"count":116,"href":"https:\/\/actionforclimate.earth\/index.php\/wp-json\/wp\/v2\/pages\/25\/revisions"}],"predecessor-version":[{"id":1313,"href":"https:\/\/actionforclimate.earth\/index.php\/wp-json\/wp\/v2\/pages\/25\/revisions\/1313"}],"wp:attachment":[{"href":"https:\/\/actionforclimate.earth\/index.php\/wp-json\/wp\/v2\/media?parent=25"}],"curies":[{"name":"wp","href":"https:\/\/api.w.org\/{rel}","templated":true}]}}